{"id":3337,"date":"2025-05-19T12:13:29","date_gmt":"2025-05-19T10:13:29","guid":{"rendered":"https:\/\/swissflute.ch\/concorso-2\/"},"modified":"2026-04-22T16:26:54","modified_gmt":"2026-04-22T14:26:54","slug":"competition","status":"publish","type":"page","link":"https:\/\/swissflute.ch\/it\/competition\/","title":{"rendered":"CONCORSO"},"content":{"rendered":"<p>[et_pb_section fb_built=&#8221;1&#8243; admin_label=&#8221;Header&#8221; _builder_version=&#8221;4.25.2&#8243; _module_preset=&#8221;cd403b88-73d1-495f-820e-eb665d8dddb5&#8243; background_color_gradient_stops=&#8221;gcid-d119accd-44d7-4f2f-b9d7-599c8463324b 0%|rgba(255,255,255,0) 25%|rgba(7,33,48,0.6) 76%|#072130 100%&#8221; background_image=&#8221;https:\/\/swissflute.ch\/wp-content\/uploads\/2025\/02\/non-profit-03.jpg&#8221; locked=&#8221;off&#8221; collapsed=&#8221;on&#8221; global_colors_info=&#8221;{%22gcid-1f1bf5fb-a99d-4acc-8d9e-ddac074c158c%22:%91%22background_color_gradient_stops%22,%22background_color_gradient_stops%22%93,%22gcid-4c79ba3d-a281-4fb6-9b14-02f9a4c793f2%22:%91%22background_color_gradient_stops%22,%22background_color_gradient_stops%22%93,%22gcid-688c464a-d6f2-4296-b592-395352c71c79%22:%91%22background_color_gradient_stops%22,%22background_color_gradient_stops%22%93,%22gcid-d119accd-44d7-4f2f-b9d7-599c8463324b%22:%91%22background_color_gradient_stops%22,%22background_color_gradient_stops%22%93}&#8221;][et_pb_row _builder_version=&#8221;4.25.1&#8243; _module_preset=&#8221;default&#8221; custom_padding=&#8221;||0px|||&#8221; global_colors_info=&#8221;{}&#8221;][et_pb_column type=&#8221;4_4&#8243; _builder_version=&#8221;4.25.1&#8243; _module_preset=&#8221;default&#8221; global_colors_info=&#8221;{}&#8221;][et_pb_heading title=&#8221;CONCORSO FLUTE GAM(M)ES&#8221; _builder_version=&#8221;4.27.4&#8243; _module_preset=&#8221;fd5f7878-5c7f-43d1-8069-e24d2b584848&#8243; title_font=&#8221;||||||||&#8221; title_text_align=&#8221;center&#8221; custom_margin=&#8221;||10px||false|false&#8221; global_colors_info=&#8221;{}&#8221;][\/et_pb_heading][et_pb_text _builder_version=&#8221;4.27.6&#8243; _module_preset=&#8221;26d4e99a-6f7f-410e-8267-bdec24a9eed6&#8243; text_font=&#8221;||||||||&#8221; header_font=&#8221;||||||||&#8221; text_orientation=&#8221;center&#8221; global_colors_info=&#8221;{}&#8221;]<\/p>\n<p>Concorso annuale di flauto traverso per bambini e giovani<\/p>\n<p>Livello principiante-pre-professionale<\/p>\n<p>[\/et_pb_text][et_pb_text _builder_version=&#8221;4.27.5&#8243; _module_preset=&#8221;default&#8221; custom_margin=&#8221;||1px|||&#8221; global_colors_info=&#8221;{}&#8221;]<\/p>\n<h3 style=\"text-align: center;\">1-4 ottobre 2026 &#8211; Lutry (VD)<\/h3>\n<p>[\/et_pb_text][et_pb_text _builder_version=&#8221;4.27.6&#8243; _module_preset=&#8221;26d4e99a-6f7f-410e-8267-bdec24a9eed6&#8243; text_font=&#8221;||||||||&#8221; text_text_color=&#8221;#494949&#8243; header_font=&#8221;||||||||&#8221; header_text_color=&#8221;#494949&#8243; custom_margin=&#8221;||10px||false|false&#8221; global_colors_info=&#8221;{}&#8221;]<\/p>\n<p style=\"text-align: center;\">Centre L\u00e9manique d&#8217;Etudes Musicales (CLEM) &#8211; <a href=\"https:\/\/www.google.com\/maps\/place\/\/data=!4m2!3m1!1s0x478c2f17e7dba9c3:0x96c45c03e2e34f7d?sa=X&amp;ved=1t:8290&amp;ictx=111\" style=\"cursor: pointer;\" data-url=\"\/maps\/place\/\/data=!4m2!3m1!1s0x478c2f17e7dba9c3:0x96c45c03e2e34f7d?sa=X&amp;ved=2ahUKEwiozLXv_PyTAxVUaqQEHTSjG94Q4kB6BAgbEAA\" data-sb=\"\/url?sa=t&amp;source=web&amp;rct=j&amp;opi=89978449&amp;url=\/maps\/place\/\/data%3D!4m2!3m1!1s0x478c2f17e7dba9c3:0x96c45c03e2e34f7d%3Fsa%3DX%26ved%3D1t:8290%26ictx%3D111&amp;ved=2ahUKEwiozLXv_PyTAxVUaqQEHTSjG94Q4kB6BAg_EAM&amp;usg=AOvVaw2oWgIoTgJPQqK6a5SCmB8m\" tabindex=\"0\"><span>Route du Grand-Pont 20, 1095 Lutry, Switzerland <\/span><\/a> <\/p>\n<p>[\/et_pb_text][\/et_pb_column][\/et_pb_row][et_pb_row column_structure=&#8221;1_4,1_4,1_4,1_4&#8243; _builder_version=&#8221;4.27.6&#8243; _module_preset=&#8221;default&#8221; global_colors_info=&#8221;{}&#8221;][et_pb_column type=&#8221;1_4&#8243; _builder_version=&#8221;4.27.6&#8243; _module_preset=&#8221;default&#8221; global_colors_info=&#8221;{}&#8221;][et_pb_button button_url=&#8221;https:\/\/swissflute.ch\/it\/repertoire\/&#8221; button_text=&#8221;REPERTORIO 2026&#8243; button_alignment=&#8221;center&#8221; _builder_version=&#8221;4.27.6&#8243; _module_preset=&#8221;e78a0f54-efb1-4a6f-9d81-4a4e17666101&#8243; button_font=&#8221;|700||on|||||&#8221; custom_margin=&#8221;||37px|||&#8221; custom_padding=&#8221;49px|50px|49px|40px|true|false&#8221; hover_enabled=&#8221;0&#8243; global_colors_info=&#8221;{}&#8221; sticky_enabled=&#8221;0&#8243;][\/et_pb_button][\/et_pb_column][et_pb_column type=&#8221;1_4&#8243; _builder_version=&#8221;4.27.6&#8243; _module_preset=&#8221;default&#8221; global_colors_info=&#8221;{}&#8221;][et_pb_button button_url=&#8221;https:\/\/swissflute.ch\/it\/registration\/&#8221; button_text=&#8221;INSCRIZIONE 2026&#8243; button_alignment=&#8221;center&#8221; _builder_version=&#8221;4.27.6&#8243; _module_preset=&#8221;e78a0f54-efb1-4a6f-9d81-4a4e17666101&#8243; button_bg_color=&#8221;#e50b00&#8243; button_font=&#8221;|700||on|||||&#8221; custom_margin=&#8221;||37px|||&#8221; custom_padding=&#8221;52px|50px|52px|40px|true|false&#8221; hover_enabled=&#8221;0&#8243; global_colors_info=&#8221;{}&#8221; sticky_enabled=&#8221;0&#8243;][\/et_pb_button][\/et_pb_column][et_pb_column type=&#8221;1_4&#8243; _builder_version=&#8221;4.27.6&#8243; _module_preset=&#8221;default&#8221; global_colors_info=&#8221;{}&#8221;][et_pb_button button_url=&#8221;https:\/\/swissflute.ch\/it\/programme\/&#8221; button_text=&#8221;PROGRAMMA E CALENDARIO DEL CONCORSO 2026&#8243; button_alignment=&#8221;center&#8221; _builder_version=&#8221;4.27.6&#8243; _module_preset=&#8221;e78a0f54-efb1-4a6f-9d81-4a4e17666101&#8243; button_text_color=&#8221;#000000&#8243; button_bg_color=&#8221;#FFFFFF&#8221; button_font=&#8221;|700||on|||||&#8221; custom_margin=&#8221;||14px|||&#8221; custom_padding=&#8221;25px|50px|25px|40px|true|false&#8221; hover_enabled=&#8221;0&#8243; global_colors_info=&#8221;{}&#8221; sticky_enabled=&#8221;0&#8243;][\/et_pb_button][\/et_pb_column][et_pb_column type=&#8221;1_4&#8243; _builder_version=&#8221;4.27.6&#8243; _module_preset=&#8221;default&#8221; global_colors_info=&#8221;{}&#8221;][et_pb_button button_url=&#8221;mailto:info@swissflute.ch&#8221; url_new_window=&#8221;on&#8221; button_text=&#8221;CONTATTO CONCORSO&#8221; button_alignment=&#8221;center&#8221; _builder_version=&#8221;4.27.6&#8243; _module_preset=&#8221;4d8c9e00-c31b-47ca-921a-5556fd05bcd5&#8243; button_font=&#8221;|700||on|||||&#8221; custom_padding=&#8221;49px|50px|49px|40px|true|false&#8221; hover_enabled=&#8221;0&#8243; global_colors_info=&#8221;{}&#8221; sticky_enabled=&#8221;0&#8243;][\/et_pb_button][\/et_pb_column][\/et_pb_row][\/et_pb_section][et_pb_section fb_built=&#8221;1&#8243; admin_label=&#8221;Video&#8221; _builder_version=&#8221;4.25.1&#8243; _module_preset=&#8221;3550502c-ee6b-45b6-adec-9ea2d78eb848&#8243; custom_padding=&#8221;||8px|||&#8221; locked=&#8221;off&#8221; collapsed=&#8221;on&#8221; global_colors_info=&#8221;{}&#8221;][et_pb_row column_structure=&#8221;1_2,1_2&#8243; _builder_version=&#8221;4.25.1&#8243; _module_preset=&#8221;default&#8221; locked=&#8221;off&#8221; global_colors_info=&#8221;{}&#8221;][et_pb_column type=&#8221;1_2&#8243; _builder_version=&#8221;4.25.1&#8243; _module_preset=&#8221;default&#8221; global_colors_info=&#8221;{}&#8221;][et_pb_text _builder_version=&#8221;4.27.4&#8243; _module_preset=&#8221;26d4e99a-6f7f-410e-8267-bdec24a9eed6&#8243; text_font=&#8221;||||||||&#8221; header_font=&#8221;||||||||&#8221; custom_margin=&#8221;||10px||false|false&#8221; global_colors_info=&#8221;{}&#8221;]<\/p>\n<p>All&#8217;insegna della gentilezza e del sostegno, il concorso Fl\u00fbte Gam(m)es \u00e8 aperto a bambini e ragazzi di tutte le et\u00e0 e livelli, fino a 17 anni per la categoria Giovani Talenti (Categoria A) e fino a 20 o 25 anni per le altre categorie (Categorie B, C, D, E).<\/p>\n<p>I giovani flautisti eseguiranno brani adatti al loro livello, sia come solisti che in formazioni da camera. Un premio speciale sar\u00e0 assegnato ai bambini che eseguiranno composizioni proprie. <\/p>\n<p>La giuria \u00e8 composta da flautisti e insegnanti provenienti dalla regione del Lago di Ginevra, dalla Svizzera e dall&#8217;estero.<\/p>\n<p>[\/et_pb_text][\/et_pb_column][et_pb_column type=&#8221;1_2&#8243; _builder_version=&#8221;4.25.1&#8243; _module_preset=&#8221;default&#8221; global_colors_info=&#8221;{}&#8221;][et_pb_gallery gallery_ids=&#8221;3276&#8243; fullwidth=&#8221;on&#8221; _builder_version=&#8221;4.27.4&#8243; _module_preset=&#8221;default&#8221; auto=&#8221;on&#8221; auto_speed=&#8221;2000&#8243; border_radii=&#8221;on|30px|30px|30px|30px&#8221; global_colors_info=&#8221;{}&#8221;][\/et_pb_gallery][et_pb_text _builder_version=&#8221;4.27.4&#8243; _module_preset=&#8221;26d4e99a-6f7f-410e-8267-bdec24a9eed6&#8243; custom_margin=&#8221;-46px||10px||false|false&#8221; custom_padding=&#8221;0px|||||&#8221; global_colors_info=&#8221;{}&#8221;]<\/p>\n<pre data-start=\"0\" data-end=\"492\">Photo \u00a9 Pierre-Alain Balmer Photography<\/pre>\n<p>[\/et_pb_text][\/et_pb_column][\/et_pb_row][\/et_pb_section][et_pb_section fb_built=&#8221;1&#8243; admin_label=&#8221;Header&#8221; _builder_version=&#8221;4.25.2&#8243; _module_preset=&#8221;cd403b88-73d1-495f-820e-eb665d8dddb5&#8243; background_color_gradient_stops=&#8221;gcid-d119accd-44d7-4f2f-b9d7-599c8463324b 0%|rgba(255,255,255,0) 25%|rgba(7,33,48,0.6) 76%|#072130 100%&#8221; background_image=&#8221;https:\/\/swissflute.ch\/wp-content\/uploads\/2025\/02\/non-profit-03.jpg&#8221; locked=&#8221;off&#8221; collapsed=&#8221;on&#8221; global_colors_info=&#8221;{%22gcid-1f1bf5fb-a99d-4acc-8d9e-ddac074c158c%22:%91%22background_color_gradient_stops%22,%22background_color_gradient_stops%22%93,%22gcid-4c79ba3d-a281-4fb6-9b14-02f9a4c793f2%22:%91%22background_color_gradient_stops%22,%22background_color_gradient_stops%22%93,%22gcid-688c464a-d6f2-4296-b592-395352c71c79%22:%91%22background_color_gradient_stops%22,%22background_color_gradient_stops%22%93,%22gcid-d119accd-44d7-4f2f-b9d7-599c8463324b%22:%91%22background_color_gradient_stops%22,%22background_color_gradient_stops%22%93}&#8221;][et_pb_row _builder_version=&#8221;4.27.6&#8243; _module_preset=&#8221;default&#8221; global_colors_info=&#8221;{}&#8221;][et_pb_column type=&#8221;4_4&#8243; _builder_version=&#8221;4.27.6&#8243; _module_preset=&#8221;default&#8221; global_colors_info=&#8221;{}&#8221;][et_pb_heading title=&#8221;Categorie&#8221; _builder_version=&#8221;4.27.4&#8243; _module_preset=&#8221;7db299f6-e73f-4d50-8f53-8124ad5db4cb&#8221; title_font=&#8221;&#8211;et_global_body_font||||||||&#8221; custom_margin=&#8221;||10px||false|false&#8221; global_colors_info=&#8221;{}&#8221;][\/et_pb_heading][\/et_pb_column][\/et_pb_row][et_pb_row column_structure=&#8221;1_3,1_3,1_3&#8243; make_equal=&#8221;on&#8221; _builder_version=&#8221;4.27.4&#8243; _module_preset=&#8221;default&#8221; custom_padding=&#8221;4px|||||&#8221; global_colors_info=&#8221;{}&#8221;][et_pb_column type=&#8221;1_3&#8243; _builder_version=&#8221;4.27.4&#8243; _module_preset=&#8221;4a565cb5-7890-41c0-8ca4-22bd0ce53d62&#8243; global_colors_info=&#8221;{}&#8221;][et_pb_heading title=&#8221;A-Esperto&#8221; _builder_version=&#8221;4.27.4&#8243; _module_preset=&#8221;1f68a9f5-4ca8-4442-8ef5-d471b809e7d1&#8243; title_font=&#8221;||||||||&#8221; title_text_color=&#8221;#FFFFFF&#8221; custom_margin=&#8221;||10px||false|false&#8221; global_colors_info=&#8221;{}&#8221;][\/et_pb_heading][et_pb_text _builder_version=&#8221;4.27.6&#8243; _module_preset=&#8221;b6128511-675f-4329-b00f-524c3eef8165&#8243; text_font=&#8221;||||||||&#8221; header_font=&#8221;||||||||&#8221; global_colors_info=&#8221;{}&#8221;]<\/p>\n<p>Giovani Talenti<\/p>\n<p>Et\u00e0 massima 14-17-20 anni<\/p>\n<p>[\/et_pb_text][\/et_pb_column][et_pb_column type=&#8221;1_3&#8243; _builder_version=&#8221;4.25.2&#8243; _module_preset=&#8221;9e87f09f-30be-49be-a498-70c51bfd8a4a&#8221; global_colors_info=&#8221;{}&#8221;][et_pb_heading title=&#8221;B-Flauto Fan&#8221; _builder_version=&#8221;4.27.4&#8243; _module_preset=&#8221;1f68a9f5-4ca8-4442-8ef5-d471b809e7d1&#8243; title_font=&#8221;||||||||&#8221; title_text_color=&#8221;gcid-1f1b4e15-7cc6-4e13-8154-74d77a956460&#8243; custom_margin=&#8221;||10px||false|false&#8221; locked=&#8221;off&#8221; global_colors_info=&#8221;{%22gcid-1f1b4e15-7cc6-4e13-8154-74d77a956460%22:%91%22title_text_color%22%93}&#8221;][\/et_pb_heading][et_pb_text _builder_version=&#8221;4.27.4&#8243; _module_preset=&#8221;26d4e99a-6f7f-410e-8267-bdec24a9eed6&#8243; text_font=&#8221;||||||||&#8221; header_font=&#8221;||||||||&#8221; locked=&#8221;off&#8221; global_colors_info=&#8221;{}&#8221;]<\/p>\n<p>Tutti i livelli<\/p>\n<p>Et\u00e0 massima 20 anni<\/p>\n<p>[\/et_pb_text][\/et_pb_column][et_pb_column type=&#8221;1_3&#8243; _builder_version=&#8221;4.25.2&#8243; _module_preset=&#8221;51cfd5e6-a81e-4cbd-ae54-09e2c01a368c&#8221; global_colors_info=&#8221;{}&#8221;][et_pb_heading title=&#8221;C-Amici Prima&#8221; url=&#8221;#listemembres&#8221; _builder_version=&#8221;4.27.4&#8243; _module_preset=&#8221;1f68a9f5-4ca8-4442-8ef5-d471b809e7d1&#8243; title_font=&#8221;||||||||&#8221; title_text_color=&#8221;#FFFFFF&#8221; custom_margin=&#8221;||10px||false|false&#8221; locked=&#8221;off&#8221; global_colors_info=&#8221;{}&#8221;][\/et_pb_heading][et_pb_text _builder_version=&#8221;4.27.4&#8243; _module_preset=&#8221;b6128511-675f-4329-b00f-524c3eef8165&#8243; text_font=&#8221;||||||||&#8221; header_font=&#8221;||||||||&#8221; locked=&#8221;off&#8221; global_colors_info=&#8221;{}&#8221;]<\/p>\n<p>Ensemble senza direttore<\/p>\n<p>Et\u00e0 massima 20 anni<\/p>\n<p>[\/et_pb_text][\/et_pb_column][\/et_pb_row][et_pb_row column_structure=&#8221;1_3,1_3,1_3&#8243; make_equal=&#8221;on&#8221; _builder_version=&#8221;4.27.4&#8243; _module_preset=&#8221;default&#8221; global_colors_info=&#8221;{}&#8221;][et_pb_column type=&#8221;1_3&#8243; _builder_version=&#8221;4.27.4&#8243; _module_preset=&#8221;4a565cb5-7890-41c0-8ca4-22bd0ce53d62&#8243; background_color=&#8221;#000000&#8243; global_colors_info=&#8221;{}&#8221;][et_pb_heading title=&#8221;D-Ho Buon Gusto&#8221; _builder_version=&#8221;4.27.4&#8243; _module_preset=&#8221;1f68a9f5-4ca8-4442-8ef5-d471b809e7d1&#8243; title_font=&#8221;||||||||&#8221; title_text_color=&#8221;#FFFFFF&#8221; custom_margin=&#8221;||10px||false|false&#8221; global_colors_info=&#8221;{}&#8221;][\/et_pb_heading][et_pb_text _builder_version=&#8221;4.27.6&#8243; _module_preset=&#8221;b6128511-675f-4329-b00f-524c3eef8165&#8243; text_font=&#8221;||||||||&#8221; header_font=&#8221;||||||||&#8221; global_colors_info=&#8221;{}&#8221;]<\/p>\n<p>Musica Antica<\/p>\n<p>Et\u00e0 massima 25 anni<\/p>\n<p>[\/et_pb_text][\/et_pb_column][et_pb_column type=&#8221;1_3&#8243; _builder_version=&#8221;4.27.4&#8243; _module_preset=&#8221;9e87f09f-30be-49be-a498-70c51bfd8a4a&#8221; background_color=&#8221;#e50b00&#8243; global_colors_info=&#8221;{}&#8221;][et_pb_heading title=&#8221;E-I Suono la Mia Musica&#8221; _builder_version=&#8221;4.27.4&#8243; _module_preset=&#8221;1f68a9f5-4ca8-4442-8ef5-d471b809e7d1&#8243; title_font=&#8221;||||||||&#8221; title_text_color=&#8221;#FFFFFF&#8221; custom_margin=&#8221;||10px||false|false&#8221; locked=&#8221;off&#8221; global_colors_info=&#8221;{}&#8221;][\/et_pb_heading][et_pb_text _builder_version=&#8221;4.27.6&#8243; _module_preset=&#8221;26d4e99a-6f7f-410e-8267-bdec24a9eed6&#8243; text_font=&#8221;||||||||&#8221; text_text_color=&#8221;#FFFFFF&#8221; header_font=&#8221;||||||||&#8221; locked=&#8221;off&#8221; global_colors_info=&#8221;{}&#8221;]<\/p>\n<p>Composizione<\/p>\n<p>Et\u00e0 massima 20 anni<\/p>\n<p>[\/et_pb_text][\/et_pb_column][et_pb_column type=&#8221;1_3&#8243; _builder_version=&#8221;4.27.4&#8243; _module_preset=&#8221;51cfd5e6-a81e-4cbd-ae54-09e2c01a368c&#8221; background_color=&#8221;#FFFFFF&#8221; global_colors_info=&#8221;{}&#8221;][et_pb_heading title=&#8221;A3-Pre-pro&#8221; url=&#8221;#listemembres&#8221; _builder_version=&#8221;4.27.6&#8243; _module_preset=&#8221;1f68a9f5-4ca8-4442-8ef5-d471b809e7d1&#8243; title_font=&#8221;||||||||&#8221; title_text_color=&#8221;#E02B20&#8243; custom_margin=&#8221;||10px||false|false&#8221; locked=&#8221;off&#8221; global_colors_info=&#8221;{}&#8221;][\/et_pb_heading][et_pb_text _builder_version=&#8221;4.27.4&#8243; _module_preset=&#8221;b6128511-675f-4329-b00f-524c3eef8165&#8243; text_font=&#8221;||||||||&#8221; text_text_color=&#8221;#000000&#8243; header_font=&#8221;||||||||&#8221; locked=&#8221;off&#8221; global_colors_info=&#8221;{}&#8221;]<\/p>\n<p>Livello pre-Conservatorio superiore di musica<\/p>\n<p>Nuova categoria a partire dal 2026<\/p>\n<p>[\/et_pb_text][\/et_pb_column][\/et_pb_row][et_pb_row _builder_version=&#8221;4.27.6&#8243; _module_preset=&#8221;default&#8221; global_colors_info=&#8221;{}&#8221;][et_pb_column type=&#8221;4_4&#8243; _builder_version=&#8221;4.27.6&#8243; _module_preset=&#8221;default&#8221; global_colors_info=&#8221;{}&#8221;][et_pb_button button_url=&#8221;https:\/\/swissflute.ch\/it\/repertoire\/&#8221; button_text=&#8221;Verso il repertorio obbligatorio&#8221; button_alignment=&#8221;center&#8221; _builder_version=&#8221;4.27.6&#8243; _module_preset=&#8221;default&#8221; hover_enabled=&#8221;0&#8243; global_colors_info=&#8221;{}&#8221; sticky_enabled=&#8221;0&#8243;][\/et_pb_button][\/et_pb_column][\/et_pb_row][\/et_pb_section]<\/p>\n","protected":false},"excerpt":{"rendered":"<p>Concorso annuale di flauto traverso per bambini e giovani Livello principiante-pre-professionale1-4 ottobre 2026 &#8211; Lutry (VD)Centre L\u00e9manique d&#8217;Etudes Musicales (CLEM) &#8211; Route du Grand-Pont 20, 1095 Lutry, Switzerland All&#8217;insegna della [&hellip;]<\/p>\n","protected":false},"author":2,"featured_media":3276,"parent":0,"menu_order":0,"comment_status":"closed","ping_status":"closed","template":"","meta":{"_et_pb_use_builder":"on","_et_pb_old_content":"","_et_gb_content_width":"","_price":"","_stock":"","_tribe_ticket_header":"","_tribe_default_ticket_provider":"","_tribe_ticket_capacity":"0","_ticket_start_date":"","_ticket_end_date":"","_tribe_ticket_show_description":"","_tribe_ticket_show_not_going":false,"_tribe_ticket_use_global_stock":"","_tribe_ticket_global_stock_level":"","_global_stock_mode":"","_global_stock_cap":"","_tribe_rsvp_for_event":"","_tribe_ticket_going_count":"","_tribe_ticket_not_going_count":"","_tribe_tickets_list":"[]","_tribe_ticket_has_attendee_info_fields":false,"footnotes":"","_tec_slr_enabled":"","_tec_slr_layout":""},"class_list":["post-3337","page","type-page","status-publish","has-post-thumbnail","hentry"],"ticketed":false,"_links":{"self":[{"href":"https:\/\/swissflute.ch\/it\/wp-json\/wp\/v2\/pages\/3337","targetHints":{"allow":["GET"]}}],"collection":[{"href":"https:\/\/swissflute.ch\/it\/wp-json\/wp\/v2\/pages"}],"about":[{"href":"https:\/\/swissflute.ch\/it\/wp-json\/wp\/v2\/types\/page"}],"author":[{"embeddable":true,"href":"https:\/\/swissflute.ch\/it\/wp-json\/wp\/v2\/users\/2"}],"replies":[{"embeddable":true,"href":"https:\/\/swissflute.ch\/it\/wp-json\/wp\/v2\/comments?post=3337"}],"version-history":[{"count":19,"href":"https:\/\/swissflute.ch\/it\/wp-json\/wp\/v2\/pages\/3337\/revisions"}],"predecessor-version":[{"id":7236,"href":"https:\/\/swissflute.ch\/it\/wp-json\/wp\/v2\/pages\/3337\/revisions\/7236"}],"wp:featuredmedia":[{"embeddable":true,"href":"https:\/\/swissflute.ch\/it\/wp-json\/wp\/v2\/media\/3276"}],"wp:attachment":[{"href":"https:\/\/swissflute.ch\/it\/wp-json\/wp\/v2\/media?parent=3337"}],"curies":[{"name":"wp","href":"https:\/\/api.w.org\/{rel}","templated":true}]}}